{"id":25576,"date":"2026-02-25T13:17:06","date_gmt":"2026-02-25T13:17:06","guid":{"rendered":"http:\/\/localhost\/?page_id=25576"},"modified":"2026-02-26T11:05:05","modified_gmt":"2026-02-26T11:05:05","slug":"nos-categories","status":"publish","type":"page","link":"https:\/\/combactive.fr\/?page_id=25576","title":{"rendered":"Les cat\u00e9gories"},"content":{"rendered":"\n<div class=\"wp-block-group wp-category-layout alignwide is-layout-constrained wp-block-group-is-layout-constrained\">\n<h2 class=\"wp-block-heading stabilo--red\">Les cat\u00e9gories<\/h2>\n\n\n\n<p>Depuis&nbsp;<strong>2014<\/strong>, Combactive d\u00e9fend les droits fondamentaux des \u00eatres vivants.<br>Chaque action, chaque voix, compte pour faire reculer la souffrance et avancer vers une cohabitation \u00e9thique.<\/p>\n\n\n\n<div class=\"wp-block-buttons is-layout-flex wp-block-buttons-is-layout-flex\">\n<div class=\"wp-block-button btn-menu-category\"><a class=\"wp-block-button__link wp-element-button\">Toutes les Cat\u00e9gorie<\/a><\/div>\n<\/div>\n\n\n\n<div class=\"wp-block-columns wp-menu-category is-layout-flex wp-container-core-columns-is-layout-9d6595d7 wp-block-columns-is-layout-flex\">\n<div class=\"wp-block-column is-layout-flow wp-block-column-is-layout-flow\"><div class=\"sidebar-accordion\"><div class=\"accordion-item\"><button class=\"accordion-header\">Abattoir<span class=\"accordion-icon\">+<\/span><\/button><div class=\"accordion-content\"><ul><li><a href=\"https:\/\/combactive.fr\/?p=4537\">BUS Combactive &quot;Marche pour la fermeture des abattoirs&quot;<\/a><\/li><li><a href=\"https:\/\/combactive.fr\/?p=4475\">Transport Combactive pour se rendre \u00e0 Gu\u00e9ret<\/a><\/li><li><a href=\"https:\/\/combactive.fr\/?p=4416\">Le convoi de la mort<\/a><\/li><li><a href=\"https:\/\/combactive.fr\/?p=3749\">Manifestation Fermeture des Abattoirs Paris 10 Juin<\/a><\/li><li><a href=\"https:\/\/combactive.fr\/?p=2801\">13 Juin : marche pour la fermeture des abattoirs + Vegan Place<\/a><\/li><li><a href=\"https:\/\/combactive.fr\/?p=2459\">GRANDE MANIFESTATION UNITAIRE contre la Ferme des 1000 veaux en Creuse !<\/a><\/li><li><a href=\"https:\/\/combactive.fr\/?p=1839\">Marche pour la Fermeture des abattoirs, Vegan Place, Paris, 14 Juin 2014<\/a><\/li><li><a href=\"https:\/\/combactive.fr\/?p=814\">Gu\u00e9ret<\/a><\/li><li><a href=\"https:\/\/combactive.fr\/?p=585\">Gu\u00e9ret<\/a><\/li><li><a href=\"https:\/\/combactive.fr\/?p=317\">Marche pour la fermeture des abattoirs<\/a><\/li><\/ul><\/div><\/div><div class=\"accordion-item\"><button class=\"accordion-header\">Actualit\u00e9s<span class=\"accordion-icon\">+<\/span><\/button><div class=\"accordion-content\"><ul><li><a href=\"https:\/\/combactive.fr\/?p=21750\">LES D\u00c9FENSEURS DES ANIMAUX SE RASSEMBLENT \u00c0 VESOUL<\/a><\/li><li><a href=\"https:\/\/combactive.fr\/?p=21296\">VISONS EN FOR\u00caT, PR\u00c9VENEZ COMBACTIVE<\/a><\/li><li><a href=\"https:\/\/combactive.fr\/?p=21126\">VISONS LIB\u00c9R\u00c9S \u00c0 MONTARLOT LES RIOZ (70)<\/a><\/li><li><a href=\"https:\/\/combactive.fr\/?p=9616\">L\u2019\u00c9LEVAGE DE VISONS DE MONTARLOT LES RIOZ (70)<\/a><\/li><\/ul><\/div><\/div><div class=\"accordion-item\"><button class=\"accordion-header\">Adoption<span class=\"accordion-icon\">+<\/span><\/button><div class=\"accordion-content\"><ul><li><a href=\"https:\/\/combactive.fr\/?p=4788\">Recherche m\u00e8re lapine ou p\u00e8re lapin<\/a><\/li><li><a href=\"https:\/\/combactive.fr\/?p=4657\">Urgent ADOPTION<\/a><\/li><li><a href=\"https:\/\/combactive.fr\/?p=4585\">Collecte alimentaire<\/a><\/li><li><a href=\"https:\/\/combactive.fr\/?p=3597\">Nouvelle adh\u00e9rente Combactive Lilly Rose<\/a><\/li><li><a href=\"https:\/\/combactive.fr\/?p=3289\">Cyxie cherche une place en maison de retraite<\/a><\/li><li><a href=\"https:\/\/combactive.fr\/?p=3037\">Besoin d&#039;une famille<\/a><\/li><li><a href=\"https:\/\/combactive.fr\/?p=2965\">La\u00efka a adopt\u00e9 une nouvelle famille<\/a><\/li><li><a href=\"https:\/\/combactive.fr\/?p=2615\">Nouvelles arriv\u00e9es \u00e0 Combactive : Valentin et Valentine !<\/a><\/li><li><a href=\"https:\/\/combactive.fr\/?p=2374\">Journ\u00e9e sensibilisation et adoption pour les f\u00eates de No\u00ebl, 20 d\u00e9cembre,  Dijon<\/a><\/li><\/ul><\/div><\/div><div class=\"accordion-item\"><button class=\"accordion-header\">Alimentation v\u00e9g\u00e9<span class=\"accordion-icon\">+<\/span><\/button><div class=\"accordion-content\"><ul><li><a href=\"https:\/\/combactive.fr\/?p=3657\">Catalogue de la boutique<\/a><\/li><li><a href=\"https:\/\/combactive.fr\/?p=5231\">Merci \u00e0 Asso Yoga de Talant<\/a><\/li><li><a href=\"https:\/\/combactive.fr\/?p=5219\">C&#039;est carnaval !<\/a><\/li><li><a href=\"https:\/\/combactive.fr\/?p=5197\">J&#039;ai la patate !<\/a><\/li><li><a href=\"https:\/\/combactive.fr\/?p=5188\">Les enfants cuisinent<\/a><\/li><li><a href=\"https:\/\/combactive.fr\/?p=5161\">Tout savoir sur les l\u00e9gumineuses<\/a><\/li><li><a href=\"https:\/\/combactive.fr\/?p=5010\">Pour un avenir diff\u00e9rent<\/a><\/li><li><a href=\"https:\/\/combactive.fr\/?p=4828\">Guide pour les collectivit\u00e9s<\/a><\/li><li><a href=\"https:\/\/combactive.fr\/?p=4805\">Recettes de cuisine responsable<\/a><\/li><li><a href=\"https:\/\/combactive.fr\/?p=4759\">Loi Egalim et tout le toutim !<\/a><\/li><li><a href=\"https:\/\/combactive.fr\/?p=4625\">&quot;SALON POUR AIDER LES ANIMAUX&quot; dimanche 28 avril 2019<\/a><\/li><li><a href=\"https:\/\/combactive.fr\/?p=4380\">17 Mars Journ\u00e9e sans viande \u00e0 DIJON<\/a><\/li><li><a href=\"https:\/\/combactive.fr\/?p=4367\">Merci aux amoureux des cr\u00eapes !<\/a><\/li><li><a href=\"https:\/\/combactive.fr\/?p=4344\">Amoureux des cr\u00eapes RDV samedi 3.02 \u00e0 Dijon, place du Bareuset<\/a><\/li><li><a href=\"https:\/\/combactive.fr\/?p=3205\">Sp\u00e9cial No\u00ebl Recettes<\/a><\/li><li><a href=\"https:\/\/combactive.fr\/?p=3092\">Cr\u00e9ation Repas Traiteur Vegan le 10.10.2015<\/a><\/li><li><a href=\"https:\/\/combactive.fr\/?p=2767\">Miam ! merci \u00e0 Audrey pour la commande<\/a><\/li><li><a href=\"https:\/\/combactive.fr\/?p=583\">Venarey-les Laumes : Combactive a install\u00e9 un stand \u00e0 l\u2019entr\u00e9e du centre commercial<\/a><\/li><li><a href=\"https:\/\/combactive.fr\/?p=508\">Repas \u00e9coloV\u00e9g<\/a><\/li><li><a href=\"https:\/\/combactive.fr\/?p=527\">&quot;Fili\u00e8re Humaine, 1er choix, Origine France&quot; et si notre monde \u00e9tait diff\u00e9rent ?<\/a><\/li><\/ul><\/div><\/div><div class=\"accordion-item\"><button class=\"accordion-header\">Article<span class=\"accordion-icon\">+<\/span><\/button><div class=\"accordion-content\"><ul><li><a href=\"https:\/\/combactive.fr\/?p=5041\">La PPL n\u00b03791, prise de conscience politique sur la condition animale<\/a><\/li><li><a href=\"https:\/\/combactive.fr\/?p=4759\">Loi Egalim et tout le toutim !<\/a><\/li><li><a href=\"https:\/\/combactive.fr\/?p=4494\">Merci \u00e0 nos coureurs<\/a><\/li><li><a href=\"https:\/\/combactive.fr\/?p=4410\">Courir pour la vie, courir pour les animaux<\/a><\/li><\/ul><\/div><\/div><div class=\"accordion-item\"><button class=\"accordion-header\">Chasse<span class=\"accordion-icon\">+<\/span><\/button><div class=\"accordion-content\"><ul><li><a href=\"https:\/\/combactive.fr\/?p=5260\">Manif Anti Chasse 1 oct 2016<\/a><\/li><li><a href=\"https:\/\/combactive.fr\/?p=3259\">Que se passerait-il si la chasse n\u2019existait plus ?<\/a><\/li><li><a href=\"https:\/\/combactive.fr\/?p=3043\">Manifestation anti chasse 17.10.15 \u00e0 Paris<\/a><\/li><li><a href=\"https:\/\/combactive.fr\/?p=2198\">Manifestation contre la chasse le 18 Octobre \u00e0 Paris<\/a><\/li><li><a href=\"https:\/\/combactive.fr\/?p=2091\">Collectif du 21 Septembre<\/a><\/li><\/ul><\/div><\/div><div class=\"accordion-item\"><button class=\"accordion-header\">Cin\u00e9ma<span class=\"accordion-icon\">+<\/span><\/button><div class=\"accordion-content\"><ul><li><a href=\"https:\/\/combactive.fr\/?p=3538\">Chasseur Tueur Imposteur<\/a><\/li><li><a href=\"https:\/\/combactive.fr\/?p=3616\">Cin\u00e9ma &quot;la gueule du loup&quot; 12 et 13 Juin<\/a><\/li><\/ul><\/div><\/div><div class=\"accordion-item\"><button class=\"accordion-header\">Cirque sans animaux<span class=\"accordion-icon\">+<\/span><\/button><div class=\"accordion-content\"><ul><li><a href=\"https:\/\/combactive.fr\/?p=5263\">Cirque Lili \u00e0 Dijon<\/a><\/li><li><a href=\"https:\/\/combactive.fr\/?p=4881\">Les cirques \u00e0 Dijon et alentours<\/a><\/li><li><a href=\"https:\/\/combactive.fr\/?p=4217\">Dijon ville de cirque !<\/a><\/li><li><a href=\"https:\/\/combactive.fr\/?p=3322\">Bouglione aux portes de DIJON<\/a><\/li><li><a href=\"https:\/\/combactive.fr\/?p=3334\">MANIFESTATION DEVANT MEDRANO LE  27 FEVRIER \u00e0 DIJON<\/a><\/li><\/ul><\/div><\/div><div class=\"accordion-item\"><button class=\"accordion-header\">Collecte alimentaire et redistribution<span class=\"accordion-icon\">+<\/span><\/button><div class=\"accordion-content\"><ul><li><a href=\"https:\/\/combactive.fr\/?p=4890\">Collecte alimentaire Jardiland<\/a><\/li><li><a href=\"https:\/\/combactive.fr\/?p=4732\">Collecte alimentaire<\/a><\/li><li><a href=\"https:\/\/combactive.fr\/?p=2147\">Distribution gratuite d&#039;aliments pour chat et chien<\/a><\/li><\/ul><\/div><\/div><div class=\"accordion-item\"><button class=\"accordion-header\">Corrida<span class=\"accordion-icon\">+<\/span><\/button><div class=\"accordion-content\"><ul><li><a href=\"https:\/\/combactive.fr\/?p=303\">Manifestations anti-corrida<\/a><\/li><li><a href=\"https:\/\/combactive.fr\/?p=1026\">Al\u00e8s<\/a><\/li><li><a href=\"https:\/\/combactive.fr\/?p=510\">Rassemblement anti corrida \u00e0 Rodilhan<\/a><\/li><li><a href=\"https:\/\/combactive.fr\/?p=1737\">Arles 20 Avril 2014<\/a><\/li><li><a href=\"https:\/\/combactive.fr\/?p=426\">Manifestation anticorrida<\/a><\/li><\/ul><\/div><\/div><div class=\"accordion-item\"><button class=\"accordion-header\">Cuisine<span class=\"accordion-icon\">+<\/span><\/button><div class=\"accordion-content\"><ul><li><a href=\"https:\/\/combactive.fr\/?p=5231\">Merci \u00e0 Asso Yoga de Talant<\/a><\/li><li><a href=\"https:\/\/combactive.fr\/?p=5219\">C&#039;est carnaval !<\/a><\/li><li><a href=\"https:\/\/combactive.fr\/?p=5197\">J&#039;ai la patate !<\/a><\/li><li><a href=\"https:\/\/combactive.fr\/?p=5188\">Les enfants cuisinent<\/a><\/li><li><a href=\"https:\/\/combactive.fr\/?p=5161\">Tout savoir sur les l\u00e9gumineuses<\/a><\/li><li><a href=\"https:\/\/combactive.fr\/?p=4625\">&quot;SALON POUR AIDER LES ANIMAUX&quot; dimanche 28 avril 2019<\/a><\/li><li><a href=\"https:\/\/combactive.fr\/?p=4246\">Repas Urbanalis 16.12.17<\/a><\/li><li><a href=\"https:\/\/combactive.fr\/?p=3510\">Chez Nous Septembre 2016<\/a><\/li><li><a href=\"https:\/\/combactive.fr\/?p=2647\">Topinambour !<\/a><\/li><li><a href=\"https:\/\/combactive.fr\/?p=508\">Repas \u00e9coloV\u00e9g<\/a><\/li><\/ul><\/div><\/div><div class=\"accordion-item\"><button class=\"accordion-header\">Donateurs<span class=\"accordion-icon\">+<\/span><\/button><div class=\"accordion-content\"><ul><li><a href=\"https:\/\/combactive.fr\/?p=4726\">Travaux refuge visons<\/a><\/li><\/ul><\/div><\/div><div class=\"accordion-item\"><button class=\"accordion-header\">Emagny<span class=\"accordion-icon\">+<\/span><\/button><div class=\"accordion-content\"><ul><li><a href=\"https:\/\/combactive.fr\/?p=4138\">Votre avis compte !<\/a><\/li><li><a href=\"https:\/\/combactive.fr\/?p=3907\">EMAGNY, vous vous rappelez !<\/a><\/li><li><a href=\"https:\/\/combactive.fr\/?p=3571\">Des nouvelles d&#039;EMAGNY<\/a><\/li><li><a href=\"https:\/\/combactive.fr\/?p=3160\">Emagny : RESULTAT DE L&#039;ENQU\u00caTE PUBLIQUE<\/a><\/li><li><a href=\"https:\/\/combactive.fr\/?p=2692\">Verdict : le tribunal annule les autorisations de l&#039;\u00e9levage d&#039;Emagny<\/a><\/li><li><a href=\"https:\/\/combactive.fr\/?p=2557\">Pr\u00e9fecture VS Combactive<\/a><\/li><li><a href=\"https:\/\/combactive.fr\/?p=2137\">Manifestation pour la fermeture de l&#039;\u00e9levage d&#039;Emagny le Samedi 11 Octobre 2014<\/a><\/li><li><a href=\"https:\/\/combactive.fr\/?p=2236\">Stand \u00e0  Vesoul pour annoncer la manif \u00e0 Emagny le 11 Octobre 2014<\/a><\/li><li><a href=\"https:\/\/combactive.fr\/?p=2285\">R\u00e9servation Car Paris-Auxerre-Besan\u00e7on pour la fermeture de l&#039;\u00e9levage d&#039;Emagny<\/a><\/li><\/ul><\/div><\/div><div class=\"accordion-item\"><button class=\"accordion-header\">Exp\u00e9rimentation animale<span class=\"accordion-icon\">+<\/span><\/button><div class=\"accordion-content\"><ul><li><a href=\"https:\/\/combactive.fr\/?p=3624\">M\u00e9zilles 3 Septembre 2016 Manifestation contre la vivisection<\/a><\/li><li><a href=\"https:\/\/combactive.fr\/?p=600\">Manifestation M\u00e9zilles<\/a><\/li><li><a href=\"https:\/\/combactive.fr\/?p=346\">Action SALE Dijon<\/a><\/li><li><a href=\"https:\/\/combactive.fr\/?p=506\">Action SALE Lyon<\/a><\/li><li><a href=\"https:\/\/combactive.fr\/?p=581\">Gannat<\/a><\/li><li><a href=\"https:\/\/combactive.fr\/?p=515\">Manifestation \u00e0 M\u00e9zilles<\/a><\/li><li><a href=\"https:\/\/combactive.fr\/?p=2117\">M\u00e9zilles 2014<\/a><\/li><li><a href=\"https:\/\/combactive.fr\/?p=2732\">Strasbourg :extension du centre de primatologie de Niederhausbergen.<\/a><\/li><li><a href=\"https:\/\/combactive.fr\/?p=2835\">Transport 5 Sept Paris contre le CEDS de M\u00e9zilles<\/a><\/li><li><a href=\"https:\/\/combactive.fr\/?p=536\">Rassemblement Europ\u00e9en contre l&#039;exp\u00e9rimentation \u00e0 Paris<\/a><\/li><\/ul><\/div><\/div><div class=\"accordion-item\"><button class=\"accordion-header\">Exploitation animale<span class=\"accordion-icon\">+<\/span><\/button><div class=\"accordion-content\"><ul><li><a href=\"https:\/\/combactive.fr\/?p=1767\">Stand Lac Kir ou Parc de la Colombi\u00e8re, 7 Juin 2014<\/a><\/li><li><a href=\"https:\/\/combactive.fr\/?p=5010\">Pour un avenir diff\u00e9rent<\/a><\/li><li><a href=\"https:\/\/combactive.fr\/?p=4881\">Les cirques \u00e0 Dijon et alentours<\/a><\/li><li><a href=\"https:\/\/combactive.fr\/?p=4572\">BUS Dijon-Paris  Marche contre la fourrure 6 Octobre 2018<\/a><\/li><li><a href=\"https:\/\/combactive.fr\/?p=3755\">Gu\u00e9ret Contre l&#039;usine \u00e0 1000 Veaux 17 Juin<\/a><\/li><li><a href=\"https:\/\/combactive.fr\/?p=3147\">Gu\u00e9ret manifestation le 14.11.15<\/a><\/li><li><a href=\"https:\/\/combactive.fr\/?p=2930\">(R)EVOLUTION SIGNIFICATIVE DU STATUT JURIDIQUE DE L&#039;ANIMAL<\/a><\/li><li><a href=\"https:\/\/combactive.fr\/?p=2355\">&quot;Blackfish&quot; 5 D\u00e9cembre \u00e0 20h30 Cin\u00e9ma Devosge \u00e0 Dijon<\/a><\/li><li><a href=\"https:\/\/combactive.fr\/?p=2268\">JOURNEE MONDIALE DES ANIMAUX : Lausanne 04.10.2014<\/a><\/li><li><a href=\"https:\/\/combactive.fr\/?p=682\">Manifestation \u00e0 Dijon contre contre l&#039;ouverture d&#039;un Delphinarium<\/a><\/li><li><a href=\"https:\/\/combactive.fr\/?p=598\">Stop aux massacres des chiens en Roumanie<\/a><\/li><li><a href=\"https:\/\/combactive.fr\/?p=351\">Marche pour les animaux<\/a><\/li><li><a href=\"https:\/\/combactive.fr\/?p=405\">Cercle de silence<\/a><\/li><\/ul><\/div><\/div><div class=\"accordion-item\"><button class=\"accordion-header\">Faeryland<span class=\"accordion-icon\">+<\/span><\/button><div class=\"accordion-content\"><ul><li><a href=\"https:\/\/combactive.fr\/?p=2835\">Transport 5 Sept Paris contre le CEDS de M\u00e9zilles<\/a><\/li><li><a href=\"https:\/\/combactive.fr\/?p=2709\">Faeryland et les d\u00e9sob\u00e9issants<\/a><\/li><li><a href=\"https:\/\/combactive.fr\/?p=2485\">Combactive fait son cin\u00e9ma ! 25.01.15<\/a><\/li><\/ul><\/div><\/div><div class=\"accordion-item\"><button class=\"accordion-header\">famille d&#039;accueil<span class=\"accordion-icon\">+<\/span><\/button><div class=\"accordion-content\"><ul><li><a href=\"https:\/\/combactive.fr\/?p=5021\">Recherche famille d&#039;accueil<\/a><\/li><\/ul><\/div><\/div><div class=\"accordion-item\"><button class=\"accordion-header\">Festi&#039;Diff<span class=\"accordion-icon\">+<\/span><\/button><div class=\"accordion-content\"><ul><li><a href=\"https:\/\/combactive.fr\/?p=4729\">MERCI \u00e0 TOUS<\/a><\/li><li><a href=\"https:\/\/combactive.fr\/?p=4113\">Festi&#039;Diff 2017<\/a><\/li><\/ul><\/div><\/div><div class=\"accordion-item\"><button class=\"accordion-header\">Fourrure<span class=\"accordion-icon\">+<\/span><\/button><div class=\"accordion-content\"><ul><li><a href=\"https:\/\/combactive.fr\/?p=5013\">Massacre de masse<\/a><\/li><li><a href=\"https:\/\/combactive.fr\/?p=5005\">Jugement rendu<\/a><\/li><li><a href=\"https:\/\/combactive.fr\/?p=4979\">Audience sur le devenir de l&#039;\u00e9levage de visons<\/a><\/li><li><a href=\"https:\/\/combactive.fr\/?p=4823\">Journ\u00e9e contre la Fourrure \u00e0 Besan\u00e7on<\/a><\/li><li><a href=\"https:\/\/combactive.fr\/?p=4801\">Journ\u00e9e Internationale contre la fourrure<\/a><\/li><li><a href=\"https:\/\/combactive.fr\/?p=4726\">Travaux refuge visons<\/a><\/li><li><a href=\"https:\/\/combactive.fr\/?p=4687\">Participez au sauvetage de visons<\/a><\/li><li><a href=\"https:\/\/combactive.fr\/?p=4674\">R\u00e9servez votre tee shirt \u00e9dition 2019<\/a><\/li><li><a href=\"https:\/\/combactive.fr\/?p=4618\">4 Mai 2019 Manifestation VESOUL<\/a><\/li><li><a href=\"https:\/\/combactive.fr\/?p=4593\">Journ\u00e9e sans fourrure<\/a><\/li><li><a href=\"https:\/\/combactive.fr\/?p=4572\">BUS Dijon-Paris  Marche contre la fourrure 6 Octobre 2018<\/a><\/li><li><a href=\"https:\/\/combactive.fr\/?p=4309\">Fourn\u00e9e sans fourrure \u00e0 DIJON 13.01.18<\/a><\/li><li><a href=\"https:\/\/combactive.fr\/?p=3525\">Les Dessous de la fourrure 21.01.17<\/a><\/li><li><a href=\"https:\/\/combactive.fr\/?p=2709\">Faeryland et les d\u00e9sob\u00e9issants<\/a><\/li><li><a href=\"https:\/\/combactive.fr\/?p=2692\">Verdict : le tribunal annule les autorisations de l&#039;\u00e9levage d&#039;Emagny<\/a><\/li><li><a href=\"https:\/\/combactive.fr\/?p=2485\">Combactive fait son cin\u00e9ma ! 25.01.15<\/a><\/li><li><a href=\"https:\/\/combactive.fr\/?p=2557\">Pr\u00e9fecture VS Combactive<\/a><\/li><li><a href=\"https:\/\/combactive.fr\/?p=2107\">Laissons leur peau aux animaux<\/a><\/li><li><a href=\"https:\/\/combactive.fr\/?p=690\">Manifestation \u00e0 Besan\u00e7on : Emagny avec pi\u00e8ce de th\u00e9\u00e2tre<\/a><\/li><li><a href=\"https:\/\/combactive.fr\/?p=667\">Manifestation \u00e0 Paris contre la fourrure<\/a><\/li><li><a href=\"https:\/\/combactive.fr\/?p=596\">Action contre la fourrure \u00e0 Dijon<\/a><\/li><li><a href=\"https:\/\/combactive.fr\/?p=556\">Journ\u00e9e anti-fourrure<\/a><\/li><li><a href=\"https:\/\/combactive.fr\/?p=279\">Marche contre la fourrure<\/a><\/li><li><a href=\"https:\/\/combactive.fr\/?p=538\">Stand Cro Magnon<\/a><\/li><li><a href=\"https:\/\/combactive.fr\/?p=543\">action anti fourrure<\/a><\/li><\/ul><\/div><\/div><div class=\"accordion-item\"><button class=\"accordion-header\">Grand D\u00e8j<span class=\"accordion-icon\">+<\/span><\/button><div class=\"accordion-content\"><ul><li><a href=\"https:\/\/combactive.fr\/?p=3994\">GRAND D\u00e8j des Associations-<\/a><\/li><li><a href=\"https:\/\/combactive.fr\/?p=3499\">Grand D\u00e8j Septembre 2016<\/a><\/li><li><a href=\"https:\/\/combactive.fr\/?p=3083\">Grand d\u00e8j 2015<\/a><\/li><li><a href=\"https:\/\/combactive.fr\/?p=2190\">Grand D\u00e8j Dimanche 21.09.14<\/a><\/li><li><a href=\"https:\/\/combactive.fr\/?p=305\">Grand D\u00e9j&#039; 2012<\/a><\/li><\/ul><\/div><\/div><div class=\"accordion-item\"><button class=\"accordion-header\">Infos<span class=\"accordion-icon\">+<\/span><\/button><div class=\"accordion-content\"><ul><li><a href=\"https:\/\/combactive.fr\/?p=5041\">La PPL n\u00b03791, prise de conscience politique sur la condition animale<\/a><\/li><li><a href=\"https:\/\/combactive.fr\/?p=5010\">Pour un avenir diff\u00e9rent<\/a><\/li><li><a href=\"https:\/\/combactive.fr\/?p=4894\">B\u00e9b\u00e9 tourterelle, Zazou<\/a><\/li><li><a href=\"https:\/\/combactive.fr\/?p=4815\">Bonne ann\u00e9e 2020<\/a><\/li><li><a href=\"https:\/\/combactive.fr\/?p=4759\">Loi Egalim et tout le toutim !<\/a><\/li><li><a href=\"https:\/\/combactive.fr\/?p=4734\">L\u00e9on et Paulo<\/a><\/li><li><a href=\"https:\/\/combactive.fr\/?p=4747\">Des nouvelles de Blue<\/a><\/li><li><a href=\"https:\/\/combactive.fr\/?p=4555\">R\u00e9capitulatif des \u00e9v\u00e8nements !<\/a><\/li><li><a href=\"https:\/\/combactive.fr\/?p=4517\">RADIO Simone<\/a><\/li><li><a href=\"https:\/\/combactive.fr\/?p=4494\">Merci \u00e0 nos coureurs<\/a><\/li><li><a href=\"https:\/\/combactive.fr\/?p=4410\">Courir pour la vie, courir pour les animaux<\/a><\/li><li><a href=\"https:\/\/combactive.fr\/?p=4197\">Les r\u00e9ponses \u00e0 toutes vos questions sur l&#039;\u00e9levage d&#039;Emagny<\/a><\/li><li><a href=\"https:\/\/combactive.fr\/?p=4192\">France 3 Bourgogne : on mate &quot;Combactive&quot;<\/a><\/li><li><a href=\"https:\/\/combactive.fr\/?p=3952\">Quelques photos de l&#039;\u00e9quipe !<\/a><\/li><li><a href=\"https:\/\/combactive.fr\/?p=3289\">Cyxie cherche une place en maison de retraite<\/a><\/li><li><a href=\"https:\/\/combactive.fr\/?p=3158\">P\u00e9tition : Firmin Bouvier bernois victime d\u2019un tir \u00e0 bout portant<\/a><\/li><li><a href=\"https:\/\/combactive.fr\/?p=2580\">Flash INFOS : modifications historiques du Code Civil<\/a><\/li><li><a href=\"https:\/\/combactive.fr\/?p=2404\">Nous sommes Charlie<\/a><\/li><li><a href=\"https:\/\/combactive.fr\/?p=2396\">Nous vous souhaitons une bonne ann\u00e9e 2015<\/a><\/li><li><a href=\"https:\/\/combactive.fr\/?p=2436\">Stand d&#039;info &quot;stop gavage&quot; Besan\u00e7on le 27.12.2014<\/a><\/li><li><a href=\"https:\/\/combactive.fr\/?p=2369\">Merci<\/a><\/li><li><a href=\"https:\/\/combactive.fr\/?p=2204\">R\u00e9volution des &quot;Objets&quot;, le 27 septembre 2014<\/a><\/li><li><a href=\"https:\/\/combactive.fr\/?p=688\">Soutien \u00e0 Emmanuel Giboulot<\/a><\/li><li><a href=\"https:\/\/combactive.fr\/?p=1062\">Festival international Mostra Animal<\/a><\/li><li><a href=\"https:\/\/combactive.fr\/?p=274\">En avant premi\u00e8re le mardi 27 Novembre du film A.L.F de J\u00e9rome Lescure<\/a><\/li><li><a href=\"https:\/\/combactive.fr\/?p=550\">Collecte de sapins de No\u00ebl<\/a><\/li><\/ul><\/div><\/div><div class=\"accordion-item\"><button class=\"accordion-header\">Les saisons<span class=\"accordion-icon\">+<\/span><\/button><div class=\"accordion-content\"><ul><li><a href=\"https:\/\/combactive.fr\/?p=3358\">Les Saisons<\/a><\/li><\/ul><\/div><\/div><div class=\"accordion-item\"><button class=\"accordion-header\">Livre<span class=\"accordion-icon\">+<\/span><\/button><div class=\"accordion-content\"><ul><li><a href=\"https:\/\/combactive.fr\/?p=3546\">STEAK MACHINE 22 Mars 2017<\/a><\/li><\/ul><\/div><\/div><div class=\"accordion-item\"><button class=\"accordion-header\">Loup<span class=\"accordion-icon\">+<\/span><\/button><div class=\"accordion-content\"><ul><li><a href=\"https:\/\/combactive.fr\/?p=5096\">Visio le 9 mars \u00e0 18h30, le loup revient chez lui<\/a><\/li><li><a href=\"https:\/\/combactive.fr\/?p=4993\">Le loup tu\u00e9<\/a><\/li><\/ul><\/div><\/div><div class=\"accordion-item\"><button class=\"accordion-header\">Mag \u00e7a cause<span class=\"accordion-icon\">+<\/span><\/button><div class=\"accordion-content\"><ul><li><a href=\"https:\/\/combactive.fr\/?p=4759\">Loi Egalim et tout le toutim !<\/a><\/li><li><a href=\"https:\/\/combactive.fr\/?p=4215\">MAG \u00e7a cause n\u00b06 le futur est vegan<\/a><\/li><li><a href=\"https:\/\/combactive.fr\/?p=3866\">Mag \u00e7a cause n\u00b04 #<\/a><\/li><li><a href=\"https:\/\/combactive.fr\/?p=3802\">Distribution de cendriers de poche \u00e0 prix libre<\/a><\/li><li><a href=\"https:\/\/combactive.fr\/?p=3546\">STEAK MACHINE 22 Mars 2017<\/a><\/li><li><a href=\"https:\/\/combactive.fr\/?p=3589\">Quand l&#039;app\u00e9tit va....<\/a><\/li><\/ul><\/div><\/div><div class=\"accordion-item\"><button class=\"accordion-header\">Manifestations<span class=\"accordion-icon\">+<\/span><\/button><div class=\"accordion-content\"><ul><li><a href=\"https:\/\/combactive.fr\/?p=4823\">Journ\u00e9e contre la Fourrure \u00e0 Besan\u00e7on<\/a><\/li><li><a href=\"https:\/\/combactive.fr\/?p=4801\">Journ\u00e9e Internationale contre la fourrure<\/a><\/li><li><a href=\"https:\/\/combactive.fr\/?p=4618\">4 Mai 2019 Manifestation VESOUL<\/a><\/li><li><a href=\"https:\/\/combactive.fr\/?p=4593\">Journ\u00e9e sans fourrure<\/a><\/li><li><a href=\"https:\/\/combactive.fr\/?p=4589\">Belle collecte<\/a><\/li><li><a href=\"https:\/\/combactive.fr\/?p=4572\">BUS Dijon-Paris  Marche contre la fourrure 6 Octobre 2018<\/a><\/li><li><a href=\"https:\/\/combactive.fr\/?p=4475\">Transport Combactive pour se rendre \u00e0 Gu\u00e9ret<\/a><\/li><li><a href=\"https:\/\/combactive.fr\/?p=3931\">Agenda Combactive<\/a><\/li><\/ul><\/div><\/div><div class=\"accordion-item\"><button class=\"accordion-header\">Nature<span class=\"accordion-icon\">+<\/span><\/button><div class=\"accordion-content\"><ul><li><a href=\"https:\/\/combactive.fr\/?p=5010\">Pour un avenir diff\u00e9rent<\/a><\/li><li><a href=\"https:\/\/combactive.fr\/?p=4999\">Dur\u00e9e de vie des d\u00e9chets<\/a><\/li><li><a href=\"https:\/\/combactive.fr\/?p=4494\">Merci \u00e0 nos coureurs<\/a><\/li><li><a href=\"https:\/\/combactive.fr\/?p=2779\">23 Mai : Un collectif d&#039;associations \u00e9cologistes et altermondialistes contre Monsanto<\/a><\/li><\/ul><\/div><\/div><div class=\"accordion-item\"><button class=\"accordion-header\">Non class\u00e9<span class=\"accordion-icon\">+<\/span><\/button><div class=\"accordion-content\"><ul><li><a href=\"https:\/\/combactive.fr\/?p=5049\">La boutique Combactive fait peau neuve, mais l&#039;objectif reste le m\u00eame<\/a><\/li><li><a href=\"https:\/\/combactive.fr\/?p=5069\">Victoire contre la fourrure<\/a><\/li><li><a href=\"https:\/\/combactive.fr\/?p=5041\">La PPL n\u00b03791, prise de conscience politique sur la condition animale<\/a><\/li><li><a href=\"https:\/\/combactive.fr\/?p=5027\">Bonne ann\u00e9e<\/a><\/li><li><a href=\"https:\/\/combactive.fr\/?p=4986\">P\u00e9tition : L\u2019humain veut encore tuer du loup<\/a><\/li><li><a href=\"https:\/\/combactive.fr\/?p=4682\">Maifestation VESOUL 4 Mai<\/a><\/li><li><a href=\"https:\/\/combactive.fr\/?p=4639\">Dijon : l&#039;association Combactive utilise la cuisine vegan pour sensibiliser \u00e0 la souffrance animale<\/a><\/li><li><a href=\"https:\/\/combactive.fr\/?p=1135\">La v\u00e9ritable histoire des visons d&#039;Emagny !<\/a><\/li><li><a href=\"https:\/\/combactive.fr\/?p=1104\">Suite et tr\u00e8s bient\u00f4t fin du feuilleton<\/a><\/li><li><a href=\"https:\/\/combactive.fr\/?p=4562\">Ventes d&#039;affiches Cin\u00e9ma Darcy et Olympia les 22,23 et 24 Juin<\/a><\/li><li><a href=\"https:\/\/combactive.fr\/?p=4533\">V\u00e9ganarious et le soja<\/a><\/li><li><a href=\"https:\/\/combactive.fr\/?p=4405\">France 3 Les Vegans \u00e0 Dijon<\/a><\/li><li><a href=\"https:\/\/combactive.fr\/?p=1060\">Victoire pour les visons d&#039;Emagny !<\/a><\/li><li><a href=\"https:\/\/combactive.fr\/?p=4197\">Les r\u00e9ponses \u00e0 toutes vos questions sur l&#039;\u00e9levage d&#039;Emagny<\/a><\/li><li><a href=\"https:\/\/combactive.fr\/?p=1045\">M\u00e9dias suite au CODERST<\/a><\/li><li><a href=\"https:\/\/combactive.fr\/?p=1029\">D\u00e9cision, Avis du CODERST<\/a><\/li><li><a href=\"https:\/\/combactive.fr\/?p=940\">Presse Bisontine<\/a><\/li><li><a href=\"https:\/\/combactive.fr\/?p=931\">Canard Encha\u00een\u00e9 2-8-2017<\/a><\/li><li><a href=\"https:\/\/combactive.fr\/?p=3988\">GRAND march\u00e9 BIO de Qu\u00e9tigny<\/a><\/li><li><a href=\"https:\/\/combactive.fr\/?p=921\">Presse locale, Est r\u00e9publicain<\/a><\/li><li><a href=\"https:\/\/combactive.fr\/?p=913\">Avis du commissaire enqu\u00eateur<\/a><\/li><li><a href=\"https:\/\/combactive.fr\/?p=3891\">Avis aux donateurs<\/a><\/li><li><a href=\"https:\/\/combactive.fr\/?p=3755\">Gu\u00e9ret Contre l&#039;usine \u00e0 1000 Veaux 17 Juin<\/a><\/li><li><a href=\"https:\/\/combactive.fr\/?p=32\">Le nouveau site de l&#039;\u00e9levage de visons d&#039;Emagny<\/a><\/li><li><a href=\"https:\/\/combactive.fr\/?p=3480\">Veggie World Lyon 17 janvier 2017<\/a><\/li><li><a href=\"https:\/\/combactive.fr\/?p=3648\">Bus Manifestation Gu\u00e9ret 5 Nov<\/a><\/li><li><a href=\"https:\/\/combactive.fr\/?p=3641\">Veggie Pride 8 oct \u00e0 Paris<\/a><\/li><li><a href=\"https:\/\/combactive.fr\/?p=3510\">Chez Nous Septembre 2016<\/a><\/li><li><a href=\"https:\/\/combactive.fr\/?p=3604\">Marche pour la fermeture des abattoirs<\/a><\/li><li><a href=\"https:\/\/combactive.fr\/?p=3344\">&quot;MERDano&quot; le cirque qui maltraite les AnimO<\/a><\/li><li><a href=\"https:\/\/combactive.fr\/?p=2453\">Stand Anti fourrure Vesoul 10.01Besan\u00e7on 24.01.15<\/a><\/li><li><a href=\"https:\/\/combactive.fr\/?p=2147\">Distribution gratuite d&#039;aliments pour chat et chien<\/a><\/li><li><a href=\"https:\/\/combactive.fr\/?p=1831\">Yes ! we care ! L&#039;Europe et le monde contre le massacre des chiens errants.<\/a><\/li><\/ul><\/div><\/div><div class=\"accordion-item\"><button class=\"accordion-header\">Panier Vegan<span class=\"accordion-icon\">+<\/span><\/button><div class=\"accordion-content\"><ul><li><a href=\"https:\/\/combactive.fr\/?p=3557\">PANIER VEGAN<\/a><\/li><\/ul><\/div><\/div><div class=\"accordion-item\"><button class=\"accordion-header\">P\u00e9titions<span class=\"accordion-icon\">+<\/span><\/button><div class=\"accordion-content\"><ul><li><a href=\"https:\/\/combactive.fr\/?p=3158\">P\u00e9tition : Firmin Bouvier bernois victime d\u2019un tir \u00e0 bout portant<\/a><\/li><li><a href=\"https:\/\/combactive.fr\/?p=2296\">Une pr\u00e9sidente d&#039;association passe au tribunal pour avoir retir\u00e9 2 chiennes maltrait\u00e9es<\/a><\/li><\/ul><\/div><\/div><div class=\"accordion-item\"><button class=\"accordion-header\">Pigeons<span class=\"accordion-icon\">+<\/span><\/button><div class=\"accordion-content\"><ul><li><a href=\"https:\/\/combactive.fr\/?p=4734\">L\u00e9on et Paulo<\/a><\/li><\/ul><\/div><\/div><div class=\"accordion-item\"><button class=\"accordion-header\">Ramassaged\u00e9chets<span class=\"accordion-icon\">+<\/span><\/button><div class=\"accordion-content\"><ul><li><a href=\"https:\/\/combactive.fr\/?p=5257\">Le casse t\u00eate des pneus<\/a><\/li><li><a href=\"https:\/\/combactive.fr\/?p=5233\">Merci aux ramasseurs de d\u00e9chets<\/a><\/li><li><a href=\"https:\/\/combactive.fr\/?p=5130\">3 avril Ramassage de d\u00e9chets<\/a><\/li><li><a href=\"https:\/\/combactive.fr\/?p=5113\">Annul\u00e9 Ramassage des d\u00e9chets sur les berges de l&#039;Ouche, engagez vous pour la plan\u00e8te<\/a><\/li><li><a href=\"https:\/\/combactive.fr\/?p=4999\">Dur\u00e9e de vie des d\u00e9chets<\/a><\/li><li><a href=\"https:\/\/combactive.fr\/?p=4895\">Ramassage des d\u00e9chets en photos<\/a><\/li><li><a href=\"https:\/\/combactive.fr\/?p=4850\">Op\u00e9ration ramassage des d\u00e9chets<\/a><\/li><\/ul><\/div><\/div><div class=\"accordion-item\"><button class=\"accordion-header\">recettes<span class=\"accordion-icon\">+<\/span><\/button><div class=\"accordion-content\"><ul><li><a href=\"https:\/\/combactive.fr\/?p=5219\">C&#039;est carnaval !<\/a><\/li><li><a href=\"https:\/\/combactive.fr\/?p=5197\">J&#039;ai la patate !<\/a><\/li><li><a href=\"https:\/\/combactive.fr\/?p=5188\">Les enfants cuisinent<\/a><\/li><li><a href=\"https:\/\/combactive.fr\/?p=5161\">Tout savoir sur les l\u00e9gumineuses<\/a><\/li><li><a href=\"https:\/\/combactive.fr\/?p=4805\">Recettes de cuisine responsable<\/a><\/li><\/ul><\/div><\/div><div class=\"accordion-item\"><button class=\"accordion-header\">Salons et Foires<span class=\"accordion-icon\">+<\/span><\/button><div class=\"accordion-content\"><ul><li><a href=\"https:\/\/combactive.fr\/?p=4625\">&quot;SALON POUR AIDER LES ANIMAUX&quot; dimanche 28 avril 2019<\/a><\/li><li><a href=\"https:\/\/combactive.fr\/?p=3988\">GRAND march\u00e9 BIO de Qu\u00e9tigny<\/a><\/li><li><a href=\"https:\/\/combactive.fr\/?p=2822\">26, 27 &amp; 28 Juin Village Festif pour le climat, Dijon<\/a><\/li><li><a href=\"https:\/\/combactive.fr\/?p=1761\">Grand March\u00e9 Bio Qu\u00e9tigny, 15 Juin 2014<\/a><\/li><li><a href=\"https:\/\/combactive.fr\/?p=1756\">Foire Tournesol Qu\u00e9tigny 24 et 25 Mai 2014<\/a><\/li><li><a href=\"https:\/\/combactive.fr\/?p=1013\">Salon Bio<\/a><\/li><\/ul><\/div><\/div><div class=\"accordion-item\"><button class=\"accordion-header\">sauvetage<span class=\"accordion-icon\">+<\/span><\/button><div class=\"accordion-content\"><ul><li><a href=\"https:\/\/combactive.fr\/?p=4894\">B\u00e9b\u00e9 tourterelle, Zazou<\/a><\/li><li><a href=\"https:\/\/combactive.fr\/?p=4846\">Paulette<\/a><\/li><li><a href=\"https:\/\/combactive.fr\/?p=4726\">Travaux refuge visons<\/a><\/li><li><a href=\"https:\/\/combactive.fr\/?p=4747\">Des nouvelles de Blue<\/a><\/li><li><a href=\"https:\/\/combactive.fr\/?p=4175\">Yoda nous a quitt\u00e9<\/a><\/li><li><a href=\"https:\/\/combactive.fr\/?p=3652\">Charly et Yoda nos deux Franc Comtois<\/a><\/li><\/ul><\/div><\/div><div class=\"accordion-item\"><button class=\"accordion-header\">Subvention<span class=\"accordion-icon\">+<\/span><\/button><div class=\"accordion-content\"><ul><li><a href=\"https:\/\/combactive.fr\/?p=5318\">Op\u00e9ration st\u00e9rilisations des chats de Dijon<\/a><\/li><\/ul><\/div><\/div><div class=\"accordion-item\"><button class=\"accordion-header\">Veggid\u00e9o<span class=\"accordion-icon\">+<\/span><\/button><div class=\"accordion-content\"><ul><li><a href=\"https:\/\/combactive.fr\/?p=4361\">Cha\u00eene youtube Veggid\u00e9o<\/a><\/li><\/ul><\/div><\/div><div class=\"accordion-item\"><button class=\"accordion-header\">Veggie Pride<span class=\"accordion-icon\">+<\/span><\/button><div class=\"accordion-content\"><ul><li><a href=\"https:\/\/combactive.fr\/?p=4012\">BUS DIJON Veggie Pride PARIS<\/a><\/li><li><a href=\"https:\/\/combactive.fr\/?p=3480\">Veggie World Lyon 17 janvier 2017<\/a><\/li><li><a href=\"https:\/\/combactive.fr\/?p=1730\">Veggie Pride Paris 2014<\/a><\/li><li><a href=\"https:\/\/combactive.fr\/?p=591\">Veggie Pride \u00e0 Gen\u00e8ve<\/a><\/li><\/ul><\/div><\/div><\/div>\n<\/div>\n\n\n\n<div class=\"wp-block-column is-layout-flow wp-block-column-is-layout-flow\"><div class=\"categories-grid\"><div class=\"category-item\"><h3><a href=\"https:\/\/combactive.fr\/?cat=16\">Abattoir<\/a><\/h3><a href=\"https:\/\/combactive.fr\/?cat=16\"><img loading=\"lazy\" decoding=\"async\" width=\"300\" height=\"181\" src=\"https:\/\/combactive.fr\/wp-content\/uploads\/2017\/04\/bus-300x181.jpg\" class=\"attachment-medium size-medium wp-post-image\" alt=\"\" srcset=\"https:\/\/combactive.fr\/wp-content\/uploads\/2017\/04\/bus-300x181.jpg 300w, https:\/\/combactive.fr\/wp-content\/uploads\/2017\/04\/bus-80x48.jpg 80w, https:\/\/combactive.fr\/wp-content\/uploads\/2017\/04\/bus.jpg 705w\" sizes=\"auto, (max-width: 300px) 100vw, 300px\" \/><\/a><\/div><div class=\"category-item\"><h3><a href=\"https:\/\/combactive.fr\/?cat=38\">Actualit\u00e9s<\/a><\/h3><a href=\"https:\/\/combactive.fr\/?cat=38\"><img loading=\"lazy\" decoding=\"async\" width=\"300\" height=\"200\" src=\"https:\/\/combactive.fr\/wp-content\/uploads\/2019\/04\/visons_manif-300x200.jpg\" class=\"attachment-medium size-medium wp-post-image\" alt=\"\" srcset=\"https:\/\/combactive.fr\/wp-content\/uploads\/2019\/04\/visons_manif-300x200.jpg 300w, https:\/\/combactive.fr\/wp-content\/uploads\/2019\/04\/visons_manif-80x53.jpg 80w, https:\/\/combactive.fr\/wp-content\/uploads\/2019\/04\/visons_manif.jpg 660w\" sizes=\"auto, (max-width: 300px) 100vw, 300px\" \/><\/a><\/div><div class=\"category-item\"><h3><a href=\"https:\/\/combactive.fr\/?cat=23\">Adoption<\/a><\/h3><a href=\"https:\/\/combactive.fr\/?cat=23\"><img loading=\"lazy\" decoding=\"async\" width=\"300\" height=\"251\" src=\"https:\/\/combactive.fr\/wp-content\/uploads\/2019\/11\/LAPIN-NAIN-300x251.png\" class=\"attachment-medium size-medium wp-post-image\" alt=\"\" srcset=\"https:\/\/combactive.fr\/wp-content\/uploads\/2019\/11\/LAPIN-NAIN-300x251.png 300w, https:\/\/combactive.fr\/wp-content\/uploads\/2019\/11\/LAPIN-NAIN-768x644.png 768w, https:\/\/combactive.fr\/wp-content\/uploads\/2019\/11\/LAPIN-NAIN-80x67.png 80w, https:\/\/combactive.fr\/wp-content\/uploads\/2019\/11\/LAPIN-NAIN.png 940w\" sizes=\"auto, (max-width: 300px) 100vw, 300px\" \/><\/a><\/div><div class=\"category-item\"><h3><a href=\"https:\/\/combactive.fr\/?cat=6\">Alimentation v\u00e9g\u00e9<\/a><\/h3><a href=\"https:\/\/combactive.fr\/?cat=6\"><img loading=\"lazy\" decoding=\"async\" width=\"212\" height=\"300\" src=\"https:\/\/combactive.fr\/wp-content\/uploads\/2017\/04\/17637069_742893849207475_5111814810588973436_o-212x300.jpg\" class=\"attachment-medium size-medium wp-post-image\" alt=\"\" srcset=\"https:\/\/combactive.fr\/wp-content\/uploads\/2017\/04\/17637069_742893849207475_5111814810588973436_o-212x300.jpg 212w, https:\/\/combactive.fr\/wp-content\/uploads\/2017\/04\/17637069_742893849207475_5111814810588973436_o-56x80.jpg 56w, https:\/\/combactive.fr\/wp-content\/uploads\/2017\/04\/17637069_742893849207475_5111814810588973436_o.jpg 508w\" sizes=\"auto, (max-width: 212px) 100vw, 212px\" \/><\/a><\/div><div class=\"category-item\"><h3><a href=\"https:\/\/combactive.fr\/?cat=33\">Article<\/a><\/h3><a href=\"https:\/\/combactive.fr\/?cat=33\"><img loading=\"lazy\" decoding=\"async\" width=\"300\" height=\"251\" src=\"https:\/\/combactive.fr\/wp-content\/uploads\/2021\/01\/La-PPL-300x251.png\" class=\"attachment-medium size-medium wp-post-image\" alt=\"\" srcset=\"https:\/\/combactive.fr\/wp-content\/uploads\/2021\/01\/La-PPL-300x251.png 300w, https:\/\/combactive.fr\/wp-content\/uploads\/2021\/01\/La-PPL-768x644.png 768w, https:\/\/combactive.fr\/wp-content\/uploads\/2021\/01\/La-PPL-80x67.png 80w, https:\/\/combactive.fr\/wp-content\/uploads\/2021\/01\/La-PPL.png 940w\" sizes=\"auto, (max-width: 300px) 100vw, 300px\" \/><\/a><\/div><div class=\"category-item\"><h3><a href=\"https:\/\/combactive.fr\/?cat=20\">Chasse<\/a><\/h3><a href=\"https:\/\/combactive.fr\/?cat=20\"><img loading=\"lazy\" decoding=\"async\" width=\"300\" height=\"169\" src=\"https:\/\/combactive.fr\/wp-content\/uploads\/2016\/10\/maxresdefault-1-300x169.jpg\" class=\"attachment-medium size-medium wp-post-image\" alt=\"\" srcset=\"https:\/\/combactive.fr\/wp-content\/uploads\/2016\/10\/maxresdefault-1-300x169.jpg 300w, https:\/\/combactive.fr\/wp-content\/uploads\/2016\/10\/maxresdefault-1-1024x576.jpg 1024w, https:\/\/combactive.fr\/wp-content\/uploads\/2016\/10\/maxresdefault-1-768x432.jpg 768w, https:\/\/combactive.fr\/wp-content\/uploads\/2016\/10\/maxresdefault-1-80x45.jpg 80w, https:\/\/combactive.fr\/wp-content\/uploads\/2016\/10\/maxresdefault-1.jpg 1280w\" sizes=\"auto, (max-width: 300px) 100vw, 300px\" \/><\/a><\/div><div class=\"category-item\"><h3><a href=\"https:\/\/combactive.fr\/?cat=29\">Cin\u00e9ma<\/a><\/h3><a href=\"https:\/\/combactive.fr\/?cat=29\"><img loading=\"lazy\" decoding=\"async\" width=\"300\" height=\"169\" src=\"https:\/\/combactive.fr\/wp-content\/uploads\/2017\/02\/perso-player_preview-300x169.jpg\" class=\"attachment-medium size-medium wp-post-image\" alt=\"\" srcset=\"https:\/\/combactive.fr\/wp-content\/uploads\/2017\/02\/perso-player_preview-300x169.jpg 300w, https:\/\/combactive.fr\/wp-content\/uploads\/2017\/02\/perso-player_preview-80x45.jpg 80w, https:\/\/combactive.fr\/wp-content\/uploads\/2017\/02\/perso-player_preview.jpg 640w\" sizes=\"auto, (max-width: 300px) 100vw, 300px\" \/><\/a><\/div><div class=\"category-item\"><h3><a href=\"https:\/\/combactive.fr\/?cat=25\">Cirque sans animaux<\/a><\/h3><a href=\"https:\/\/combactive.fr\/?cat=25\"><img loading=\"lazy\" decoding=\"async\" width=\"212\" height=\"300\" src=\"https:\/\/combactive.fr\/wp-content\/uploads\/2022\/04\/Chair-et-Os-212x300.jpg\" class=\"attachment-medium size-medium wp-post-image\" alt=\"\" srcset=\"https:\/\/combactive.fr\/wp-content\/uploads\/2022\/04\/Chair-et-Os-212x300.jpg 212w, https:\/\/combactive.fr\/wp-content\/uploads\/2022\/04\/Chair-et-Os-724x1024.jpg 724w, https:\/\/combactive.fr\/wp-content\/uploads\/2022\/04\/Chair-et-Os-768x1086.jpg 768w, https:\/\/combactive.fr\/wp-content\/uploads\/2022\/04\/Chair-et-Os-1086x1536.jpg 1086w, https:\/\/combactive.fr\/wp-content\/uploads\/2022\/04\/Chair-et-Os-1448x2048.jpg 1448w, https:\/\/combactive.fr\/wp-content\/uploads\/2022\/04\/Chair-et-Os-57x80.jpg 57w, https:\/\/combactive.fr\/wp-content\/uploads\/2022\/04\/Chair-et-Os-scaled.jpg 1810w\" sizes=\"auto, (max-width: 212px) 100vw, 212px\" \/><\/a><\/div><div class=\"category-item\"><h3><a href=\"https:\/\/combactive.fr\/?cat=21\">Collecte alimentaire et redistribution<\/a><\/h3><a href=\"https:\/\/combactive.fr\/?cat=21\"><img loading=\"lazy\" decoding=\"async\" width=\"300\" height=\"251\" src=\"https:\/\/combactive.fr\/wp-content\/uploads\/Collecte-jardiland-20-300x251.png\" class=\"attachment-medium size-medium wp-post-image\" alt=\"\" srcset=\"https:\/\/combactive.fr\/wp-content\/uploads\/Collecte-jardiland-20-300x251.png 300w, https:\/\/combactive.fr\/wp-content\/uploads\/Collecte-jardiland-20-768x644.png 768w, https:\/\/combactive.fr\/wp-content\/uploads\/Collecte-jardiland-20-80x67.png 80w, https:\/\/combactive.fr\/wp-content\/uploads\/Collecte-jardiland-20.png 940w\" sizes=\"auto, (max-width: 300px) 100vw, 300px\" \/><\/a><\/div><div class=\"category-item\"><h3><a href=\"https:\/\/combactive.fr\/?cat=5\">Corrida<\/a><\/h3><a href=\"https:\/\/combactive.fr\/?cat=5\"><img loading=\"lazy\" decoding=\"async\" width=\"300\" height=\"147\" src=\"https:\/\/combactive.fr\/wp-content\/uploads\/2014\/04\/manifestation-anticorrida-33-300x147.jpg\" class=\"attachment-medium size-medium wp-post-image\" alt=\"\" srcset=\"https:\/\/combactive.fr\/wp-content\/uploads\/2014\/04\/manifestation-anticorrida-33-300x147.jpg 300w, https:\/\/combactive.fr\/wp-content\/uploads\/2014\/04\/manifestation-anticorrida-33-768x377.jpg 768w, https:\/\/combactive.fr\/wp-content\/uploads\/2014\/04\/manifestation-anticorrida-33-80x39.jpg 80w, https:\/\/combactive.fr\/wp-content\/uploads\/2014\/04\/manifestation-anticorrida-33.jpg 838w\" sizes=\"auto, (max-width: 300px) 100vw, 300px\" \/><\/a><\/div><div class=\"category-item\"><h3><a href=\"https:\/\/combactive.fr\/?cat=17\">Cuisine<\/a><\/h3><a href=\"https:\/\/combactive.fr\/?cat=17\"><img loading=\"lazy\" decoding=\"async\" width=\"300\" height=\"200\" src=\"https:\/\/combactive.fr\/wp-content\/uploads\/2022\/04\/Merci-300x200.jpg\" class=\"attachment-medium size-medium wp-post-image\" alt=\"\" srcset=\"https:\/\/combactive.fr\/wp-content\/uploads\/2022\/04\/Merci-300x200.jpg 300w, https:\/\/combactive.fr\/wp-content\/uploads\/2022\/04\/Merci-80x53.jpg 80w, https:\/\/combactive.fr\/wp-content\/uploads\/2022\/04\/Merci.jpg 748w\" sizes=\"auto, (max-width: 300px) 100vw, 300px\" \/><\/a><\/div><div class=\"category-item\"><h3><a href=\"https:\/\/combactive.fr\/?cat=34\">Donateurs<\/a><\/h3><a href=\"https:\/\/combactive.fr\/?cat=34\"><img loading=\"lazy\" decoding=\"async\" width=\"300\" height=\"200\" src=\"https:\/\/combactive.fr\/wp-content\/uploads\/2019\/07\/blanche-11-sur-28-300x200.jpg\" class=\"attachment-medium size-medium wp-post-image\" alt=\"\" srcset=\"https:\/\/combactive.fr\/wp-content\/uploads\/2019\/07\/blanche-11-sur-28-300x200.jpg 300w, https:\/\/combactive.fr\/wp-content\/uploads\/2019\/07\/blanche-11-sur-28-1024x683.jpg 1024w, https:\/\/combactive.fr\/wp-content\/uploads\/2019\/07\/blanche-11-sur-28-768x512.jpg 768w, https:\/\/combactive.fr\/wp-content\/uploads\/2019\/07\/blanche-11-sur-28-80x53.jpg 80w, https:\/\/combactive.fr\/wp-content\/uploads\/2019\/07\/blanche-11-sur-28.jpg 1500w\" sizes=\"auto, (max-width: 300px) 100vw, 300px\" \/><\/a><\/div><div class=\"category-item\"><h3><a href=\"https:\/\/combactive.fr\/?cat=11\">Emagny<\/a><\/h3><a href=\"https:\/\/combactive.fr\/?cat=11\"><img loading=\"lazy\" decoding=\"async\" width=\"300\" height=\"200\" src=\"https:\/\/combactive.fr\/wp-content\/uploads\/2017\/11\/fourrure-vison-300x200.jpg\" class=\"attachment-medium size-medium wp-post-image\" alt=\"\" srcset=\"https:\/\/combactive.fr\/wp-content\/uploads\/2017\/11\/fourrure-vison-300x200.jpg 300w, https:\/\/combactive.fr\/wp-content\/uploads\/2017\/11\/fourrure-vison-1024x682.jpg 1024w, https:\/\/combactive.fr\/wp-content\/uploads\/2017\/11\/fourrure-vison-768x512.jpg 768w, https:\/\/combactive.fr\/wp-content\/uploads\/2017\/11\/fourrure-vison-80x53.jpg 80w, https:\/\/combactive.fr\/wp-content\/uploads\/2017\/11\/fourrure-vison.jpg 1070w\" sizes=\"auto, (max-width: 300px) 100vw, 300px\" \/><\/a><\/div><div class=\"category-item\"><h3><a href=\"https:\/\/combactive.fr\/?cat=3\">Exp\u00e9rimentation animale<\/a><\/h3><a href=\"https:\/\/combactive.fr\/?cat=3\"><img loading=\"lazy\" decoding=\"async\" width=\"300\" height=\"269\" src=\"https:\/\/combactive.fr\/wp-content\/uploads\/mezilles-311-300x269.jpg\" class=\"attachment-medium size-medium wp-post-image\" alt=\"\" srcset=\"https:\/\/combactive.fr\/wp-content\/uploads\/mezilles-311-300x269.jpg 300w, https:\/\/combactive.fr\/wp-content\/uploads\/mezilles-311-80x72.jpg 80w, https:\/\/combactive.fr\/wp-content\/uploads\/mezilles-311.jpg 763w\" sizes=\"auto, (max-width: 300px) 100vw, 300px\" \/><\/a><\/div><div class=\"category-item\"><h3><a href=\"https:\/\/combactive.fr\/?cat=8\">Exploitation animale<\/a><\/h3><a href=\"https:\/\/combactive.fr\/?cat=8\"><img loading=\"lazy\" decoding=\"async\" width=\"300\" height=\"300\" src=\"https:\/\/combactive.fr\/wp-content\/uploads\/2014\/04\/abandoni-300x300.jpg\" class=\"attachment-medium size-medium wp-post-image\" alt=\"\" srcset=\"https:\/\/combactive.fr\/wp-content\/uploads\/2014\/04\/abandoni-300x300.jpg 300w, https:\/\/combactive.fr\/wp-content\/uploads\/2014\/04\/abandoni-80x80.jpg 80w, https:\/\/combactive.fr\/wp-content\/uploads\/2014\/04\/abandoni.jpg 400w\" sizes=\"auto, (max-width: 300px) 100vw, 300px\" \/><\/a><\/div><div class=\"category-item\"><h3><a href=\"https:\/\/combactive.fr\/?cat=4\">Faeryland<\/a><\/h3><a href=\"https:\/\/combactive.fr\/?cat=4\"><img loading=\"lazy\" decoding=\"async\" width=\"300\" height=\"200\" src=\"https:\/\/combactive.fr\/wp-content\/uploads\/2015\/06\/Experimentation-animale-une-barbarie-injustifiee_article_landscape_pm_v8-300x200.jpg\" class=\"attachment-medium size-medium wp-post-image\" alt=\"\" srcset=\"https:\/\/combactive.fr\/wp-content\/uploads\/2015\/06\/Experimentation-animale-une-barbarie-injustifiee_article_landscape_pm_v8-300x200.jpg 300w, https:\/\/combactive.fr\/wp-content\/uploads\/2015\/06\/Experimentation-animale-une-barbarie-injustifiee_article_landscape_pm_v8-768x511.jpg 768w, https:\/\/combactive.fr\/wp-content\/uploads\/2015\/06\/Experimentation-animale-une-barbarie-injustifiee_article_landscape_pm_v8-80x53.jpg 80w, https:\/\/combactive.fr\/wp-content\/uploads\/2015\/06\/Experimentation-animale-une-barbarie-injustifiee_article_landscape_pm_v8.jpg 940w\" sizes=\"auto, (max-width: 300px) 100vw, 300px\" \/><\/a><\/div><div class=\"category-item\"><h3><a href=\"https:\/\/combactive.fr\/?cat=47\">famille d'accueil<\/a><\/h3><a href=\"https:\/\/combactive.fr\/?cat=47\"><img loading=\"lazy\" decoding=\"async\" width=\"300\" height=\"251\" src=\"https:\/\/combactive.fr\/wp-content\/uploads\/Creme-et-Rouge-Noel-personnel-Publication-Facebook-3-300x251.png\" class=\"attachment-medium size-medium wp-post-image\" alt=\"\" srcset=\"https:\/\/combactive.fr\/wp-content\/uploads\/Creme-et-Rouge-Noel-personnel-Publication-Facebook-3-300x251.png 300w, https:\/\/combactive.fr\/wp-content\/uploads\/Creme-et-Rouge-Noel-personnel-Publication-Facebook-3-768x644.png 768w, https:\/\/combactive.fr\/wp-content\/uploads\/Creme-et-Rouge-Noel-personnel-Publication-Facebook-3-80x67.png 80w, https:\/\/combactive.fr\/wp-content\/uploads\/Creme-et-Rouge-Noel-personnel-Publication-Facebook-3.png 940w\" sizes=\"auto, (max-width: 300px) 100vw, 300px\" \/><\/a><\/div><div class=\"category-item\"><h3><a href=\"https:\/\/combactive.fr\/?cat=30\">Festi'Diff<\/a><\/h3><a href=\"https:\/\/combactive.fr\/?cat=30\"><img loading=\"lazy\" decoding=\"async\" width=\"213\" height=\"300\" src=\"https:\/\/combactive.fr\/wp-content\/uploads\/2019\/11\/72627107_2508328582576879_3008134071223058432_n-213x300.jpg\" class=\"attachment-medium size-medium wp-post-image\" alt=\"\" srcset=\"https:\/\/combactive.fr\/wp-content\/uploads\/2019\/11\/72627107_2508328582576879_3008134071223058432_n-213x300.jpg 213w, https:\/\/combactive.fr\/wp-content\/uploads\/2019\/11\/72627107_2508328582576879_3008134071223058432_n-57x80.jpg 57w, https:\/\/combactive.fr\/wp-content\/uploads\/2019\/11\/72627107_2508328582576879_3008134071223058432_n.jpg 681w\" sizes=\"auto, (max-width: 213px) 100vw, 213px\" \/><\/a><\/div><div class=\"category-item\"><h3><a href=\"https:\/\/combactive.fr\/?cat=7\">Fourrure<\/a><\/h3><a href=\"https:\/\/combactive.fr\/?cat=7\"><img loading=\"lazy\" decoding=\"async\" width=\"300\" height=\"251\" src=\"https:\/\/combactive.fr\/wp-content\/uploads\/2020\/11\/Cr\u00e8me-et-Rouge-No\u00ebl-personnel-Publication-Facebook-2-300x251.png\" class=\"attachment-medium size-medium wp-post-image\" alt=\"\" srcset=\"https:\/\/combactive.fr\/wp-content\/uploads\/2020\/11\/Cr\u00e8me-et-Rouge-No\u00ebl-personnel-Publication-Facebook-2-300x251.png 300w, https:\/\/combactive.fr\/wp-content\/uploads\/2020\/11\/Cr\u00e8me-et-Rouge-No\u00ebl-personnel-Publication-Facebook-2-768x644.png 768w, https:\/\/combactive.fr\/wp-content\/uploads\/2020\/11\/Cr\u00e8me-et-Rouge-No\u00ebl-personnel-Publication-Facebook-2-80x67.png 80w, https:\/\/combactive.fr\/wp-content\/uploads\/2020\/11\/Cr\u00e8me-et-Rouge-No\u00ebl-personnel-Publication-Facebook-2.png 940w\" sizes=\"auto, (max-width: 300px) 100vw, 300px\" \/><\/a><\/div><div class=\"category-item\"><h3><a href=\"https:\/\/combactive.fr\/?cat=15\">Grand D\u00e8j<\/a><\/h3><a href=\"https:\/\/combactive.fr\/?cat=15\"><img loading=\"lazy\" decoding=\"async\" width=\"210\" height=\"300\" src=\"https:\/\/combactive.fr\/wp-content\/uploads\/2017\/09\/visuel-grand-dej-2017-210x300.jpg\" class=\"attachment-medium size-medium wp-post-image\" alt=\"\" srcset=\"https:\/\/combactive.fr\/wp-content\/uploads\/2017\/09\/visuel-grand-dej-2017-210x300.jpg 210w, https:\/\/combactive.fr\/wp-content\/uploads\/2017\/09\/visuel-grand-dej-2017-718x1024.jpg 718w, https:\/\/combactive.fr\/wp-content\/uploads\/2017\/09\/visuel-grand-dej-2017-768x1095.jpg 768w, https:\/\/combactive.fr\/wp-content\/uploads\/2017\/09\/visuel-grand-dej-2017-1077x1536.jpg 1077w, https:\/\/combactive.fr\/wp-content\/uploads\/2017\/09\/visuel-grand-dej-2017-1436x2048.jpg 1436w, https:\/\/combactive.fr\/wp-content\/uploads\/2017\/09\/visuel-grand-dej-2017-56x80.jpg 56w, https:\/\/combactive.fr\/wp-content\/uploads\/2017\/09\/visuel-grand-dej-2017.jpg 1557w\" sizes=\"auto, (max-width: 210px) 100vw, 210px\" \/><\/a><\/div><div class=\"category-item\"><h3><a href=\"https:\/\/combactive.fr\/?cat=14\">Infos<\/a><\/h3><a href=\"https:\/\/combactive.fr\/?cat=14\"><img loading=\"lazy\" decoding=\"async\" width=\"300\" height=\"251\" src=\"https:\/\/combactive.fr\/wp-content\/uploads\/2021\/01\/La-PPL-300x251.png\" class=\"attachment-medium size-medium wp-post-image\" alt=\"\" srcset=\"https:\/\/combactive.fr\/wp-content\/uploads\/2021\/01\/La-PPL-300x251.png 300w, https:\/\/combactive.fr\/wp-content\/uploads\/2021\/01\/La-PPL-768x644.png 768w, https:\/\/combactive.fr\/wp-content\/uploads\/2021\/01\/La-PPL-80x67.png 80w, https:\/\/combactive.fr\/wp-content\/uploads\/2021\/01\/La-PPL.png 940w\" sizes=\"auto, (max-width: 300px) 100vw, 300px\" \/><\/a><\/div><div class=\"category-item\"><h3><a href=\"https:\/\/combactive.fr\/?cat=27\">Les saisons<\/a><\/h3><a href=\"https:\/\/combactive.fr\/?cat=27\"><img loading=\"lazy\" decoding=\"async\" width=\"300\" height=\"202\" src=\"https:\/\/combactive.fr\/wp-content\/uploads\/2016\/03\/1984904936-300x202.png\" class=\"attachment-medium size-medium wp-post-image\" alt=\"\" srcset=\"https:\/\/combactive.fr\/wp-content\/uploads\/2016\/03\/1984904936-300x202.png 300w, https:\/\/combactive.fr\/wp-content\/uploads\/2016\/03\/1984904936-80x54.png 80w, https:\/\/combactive.fr\/wp-content\/uploads\/2016\/03\/1984904936.png 719w\" sizes=\"auto, (max-width: 300px) 100vw, 300px\" \/><\/a><\/div><div class=\"category-item\"><h3><a href=\"https:\/\/combactive.fr\/?cat=12\">Livre<\/a><\/h3><a href=\"https:\/\/combactive.fr\/?cat=12\"><img loading=\"lazy\" decoding=\"async\" width=\"300\" height=\"300\" src=\"https:\/\/combactive.fr\/wp-content\/uploads\/2017\/04\/1540-1-300x300.jpg\" class=\"attachment-medium size-medium wp-post-image\" alt=\"\" srcset=\"https:\/\/combactive.fr\/wp-content\/uploads\/2017\/04\/1540-1-300x300.jpg 300w, https:\/\/combactive.fr\/wp-content\/uploads\/2017\/04\/1540-1-80x80.jpg 80w, https:\/\/combactive.fr\/wp-content\/uploads\/2017\/04\/1540-1.jpg 340w\" sizes=\"auto, (max-width: 300px) 100vw, 300px\" \/><\/a><\/div><div class=\"category-item\"><h3><a href=\"https:\/\/combactive.fr\/?cat=48\">Loup<\/a><\/h3><a href=\"https:\/\/combactive.fr\/?cat=48\"><img loading=\"lazy\" decoding=\"async\" width=\"300\" height=\"300\" src=\"https:\/\/combactive.fr\/wp-content\/uploads\/2021\/03\/Post-Instagram-loup-chez-lui--300x300.png\" class=\"attachment-medium size-medium wp-post-image\" alt=\"\" srcset=\"https:\/\/combactive.fr\/wp-content\/uploads\/2021\/03\/Post-Instagram-loup-chez-lui--300x300.png 300w, https:\/\/combactive.fr\/wp-content\/uploads\/2021\/03\/Post-Instagram-loup-chez-lui--1024x1024.png 1024w, https:\/\/combactive.fr\/wp-content\/uploads\/2021\/03\/Post-Instagram-loup-chez-lui--80x80.png 80w, https:\/\/combactive.fr\/wp-content\/uploads\/2021\/03\/Post-Instagram-loup-chez-lui--768x768.png 768w, https:\/\/combactive.fr\/wp-content\/uploads\/2021\/03\/Post-Instagram-loup-chez-lui-.png 1080w\" sizes=\"auto, (max-width: 300px) 100vw, 300px\" \/><\/a><\/div><div class=\"category-item\"><h3><a href=\"https:\/\/combactive.fr\/?cat=10\">Mag \u00e7a cause<\/a><\/h3><a href=\"https:\/\/combactive.fr\/?cat=10\"><img loading=\"lazy\" decoding=\"async\" width=\"300\" height=\"169\" src=\"https:\/\/combactive.fr\/wp-content\/uploads\/2019\/11\/Blurred-Nature-Mother-Quote-Wide-Presentation-300x169.png\" class=\"attachment-medium size-medium wp-post-image\" alt=\"\" srcset=\"https:\/\/combactive.fr\/wp-content\/uploads\/2019\/11\/Blurred-Nature-Mother-Quote-Wide-Presentation-300x169.png 300w, https:\/\/combactive.fr\/wp-content\/uploads\/2019\/11\/Blurred-Nature-Mother-Quote-Wide-Presentation-1024x576.png 1024w, https:\/\/combactive.fr\/wp-content\/uploads\/2019\/11\/Blurred-Nature-Mother-Quote-Wide-Presentation-768x432.png 768w, https:\/\/combactive.fr\/wp-content\/uploads\/2019\/11\/Blurred-Nature-Mother-Quote-Wide-Presentation-1536x864.png 1536w, https:\/\/combactive.fr\/wp-content\/uploads\/2019\/11\/Blurred-Nature-Mother-Quote-Wide-Presentation-80x45.png 80w, https:\/\/combactive.fr\/wp-content\/uploads\/2019\/11\/Blurred-Nature-Mother-Quote-Wide-Presentation.png 1920w\" sizes=\"auto, (max-width: 300px) 100vw, 300px\" \/><\/a><\/div><div class=\"category-item\"><h3><a href=\"https:\/\/combactive.fr\/?cat=28\">Manifestations<\/a><\/h3><a href=\"https:\/\/combactive.fr\/?cat=28\"><img loading=\"lazy\" decoding=\"async\" width=\"300\" height=\"169\" src=\"https:\/\/combactive.fr\/wp-content\/uploads\/2020\/01\/journ\u00e9e-sans-fourrure-300x169.jpg\" class=\"attachment-medium size-medium wp-post-image\" alt=\"\" srcset=\"https:\/\/combactive.fr\/wp-content\/uploads\/2020\/01\/journ\u00e9e-sans-fourrure-300x169.jpg 300w, https:\/\/combactive.fr\/wp-content\/uploads\/2020\/01\/journ\u00e9e-sans-fourrure-1024x576.jpg 1024w, https:\/\/combactive.fr\/wp-content\/uploads\/2020\/01\/journ\u00e9e-sans-fourrure-768x432.jpg 768w, https:\/\/combactive.fr\/wp-content\/uploads\/2020\/01\/journ\u00e9e-sans-fourrure-1536x864.jpg 1536w, https:\/\/combactive.fr\/wp-content\/uploads\/2020\/01\/journ\u00e9e-sans-fourrure-80x45.jpg 80w, https:\/\/combactive.fr\/wp-content\/uploads\/2020\/01\/journ\u00e9e-sans-fourrure.jpg 1920w\" sizes=\"auto, (max-width: 300px) 100vw, 300px\" \/><\/a><\/div><div class=\"category-item\"><h3><a href=\"https:\/\/combactive.fr\/?cat=24\">Nature<\/a><\/h3><a href=\"https:\/\/combactive.fr\/?cat=24\"><img loading=\"lazy\" decoding=\"async\" width=\"300\" height=\"251\" src=\"https:\/\/combactive.fr\/wp-content\/uploads\/2020\/11\/Cr\u00e8me-et-Rouge-No\u00ebl-personnel-Publication-Facebook-1-300x251.png\" class=\"attachment-medium size-medium wp-post-image\" alt=\"\" srcset=\"https:\/\/combactive.fr\/wp-content\/uploads\/2020\/11\/Cr\u00e8me-et-Rouge-No\u00ebl-personnel-Publication-Facebook-1-300x251.png 300w, https:\/\/combactive.fr\/wp-content\/uploads\/2020\/11\/Cr\u00e8me-et-Rouge-No\u00ebl-personnel-Publication-Facebook-1-768x644.png 768w, https:\/\/combactive.fr\/wp-content\/uploads\/2020\/11\/Cr\u00e8me-et-Rouge-No\u00ebl-personnel-Publication-Facebook-1-80x67.png 80w, https:\/\/combactive.fr\/wp-content\/uploads\/2020\/11\/Cr\u00e8me-et-Rouge-No\u00ebl-personnel-Publication-Facebook-1.png 940w\" sizes=\"auto, (max-width: 300px) 100vw, 300px\" \/><\/a><\/div><div class=\"category-item\"><h3><a href=\"https:\/\/combactive.fr\/?cat=9\">Non class\u00e9<\/a><\/h3><a href=\"https:\/\/combactive.fr\/?cat=9\"><img loading=\"lazy\" decoding=\"async\" width=\"300\" height=\"103\" src=\"https:\/\/combactive.fr\/wp-content\/uploads\/2021\/02\/f22fd0adb4891da6c98e2ccd9fc0fbfdc24db745_lancement_boutique_offre-300x103.jpg\" class=\"attachment-medium size-medium wp-post-image\" alt=\"\" srcset=\"https:\/\/combactive.fr\/wp-content\/uploads\/2021\/02\/f22fd0adb4891da6c98e2ccd9fc0fbfdc24db745_lancement_boutique_offre-300x103.jpg 300w, https:\/\/combactive.fr\/wp-content\/uploads\/2021\/02\/f22fd0adb4891da6c98e2ccd9fc0fbfdc24db745_lancement_boutique_offre-1024x351.jpg 1024w, https:\/\/combactive.fr\/wp-content\/uploads\/2021\/02\/f22fd0adb4891da6c98e2ccd9fc0fbfdc24db745_lancement_boutique_offre-768x263.jpg 768w, https:\/\/combactive.fr\/wp-content\/uploads\/2021\/02\/f22fd0adb4891da6c98e2ccd9fc0fbfdc24db745_lancement_boutique_offre-1536x526.jpg 1536w, https:\/\/combactive.fr\/wp-content\/uploads\/2021\/02\/f22fd0adb4891da6c98e2ccd9fc0fbfdc24db745_lancement_boutique_offre-2048x701.jpg 2048w, https:\/\/combactive.fr\/wp-content\/uploads\/2021\/02\/f22fd0adb4891da6c98e2ccd9fc0fbfdc24db745_lancement_boutique_offre-80x27.jpg 80w\" sizes=\"auto, (max-width: 300px) 100vw, 300px\" \/><\/a><\/div><div class=\"category-item\"><h3><a href=\"https:\/\/combactive.fr\/?cat=26\">Panier Vegan<\/a><\/h3><a href=\"https:\/\/combactive.fr\/?cat=26\"><img loading=\"lazy\" decoding=\"async\" width=\"212\" height=\"300\" src=\"https:\/\/combactive.fr\/wp-content\/uploads\/2017\/04\/17635088_742433619253498_1161232512882352235_o-212x300.jpg\" class=\"attachment-medium size-medium wp-post-image\" alt=\"\" srcset=\"https:\/\/combactive.fr\/wp-content\/uploads\/2017\/04\/17635088_742433619253498_1161232512882352235_o-212x300.jpg 212w, https:\/\/combactive.fr\/wp-content\/uploads\/2017\/04\/17635088_742433619253498_1161232512882352235_o-57x80.jpg 57w, https:\/\/combactive.fr\/wp-content\/uploads\/2017\/04\/17635088_742433619253498_1161232512882352235_o.jpg 509w\" sizes=\"auto, (max-width: 212px) 100vw, 212px\" \/><\/a><\/div><div class=\"category-item\"><h3><a href=\"https:\/\/combactive.fr\/?cat=22\">P\u00e9titions<\/a><\/h3><a href=\"https:\/\/combactive.fr\/?cat=22\"><img loading=\"lazy\" decoding=\"async\" width=\"300\" height=\"169\" src=\"https:\/\/combactive.fr\/wp-content\/uploads\/2015\/12\/12241440_1487063334932457_4188461689733923163_n-300x169.jpg\" class=\"attachment-medium size-medium wp-post-image\" alt=\"\" srcset=\"https:\/\/combactive.fr\/wp-content\/uploads\/2015\/12\/12241440_1487063334932457_4188461689733923163_n-300x169.jpg 300w, https:\/\/combactive.fr\/wp-content\/uploads\/2015\/12\/12241440_1487063334932457_4188461689733923163_n-768x432.jpg 768w, https:\/\/combactive.fr\/wp-content\/uploads\/2015\/12\/12241440_1487063334932457_4188461689733923163_n-80x45.jpg 80w, https:\/\/combactive.fr\/wp-content\/uploads\/2015\/12\/12241440_1487063334932457_4188461689733923163_n.jpg 960w\" sizes=\"auto, (max-width: 300px) 100vw, 300px\" \/><\/a><\/div><div class=\"category-item\"><h3><a href=\"https:\/\/combactive.fr\/?cat=35\">Pigeons<\/a><\/h3><a href=\"https:\/\/combactive.fr\/?cat=35\"><img loading=\"lazy\" decoding=\"async\" width=\"300\" height=\"218\" src=\"https:\/\/combactive.fr\/wp-content\/uploads\/2019\/11\/pigeon-300x218.jpg\" class=\"attachment-medium size-medium wp-post-image\" alt=\"\" srcset=\"https:\/\/combactive.fr\/wp-content\/uploads\/2019\/11\/pigeon-300x218.jpg 300w, https:\/\/combactive.fr\/wp-content\/uploads\/2019\/11\/pigeon-80x58.jpg 80w, https:\/\/combactive.fr\/wp-content\/uploads\/2019\/11\/pigeon.jpg 594w\" sizes=\"auto, (max-width: 300px) 100vw, 300px\" \/><\/a><\/div><div class=\"category-item\"><h3><a href=\"https:\/\/combactive.fr\/?cat=13\">Ramassaged\u00e9chets<\/a><\/h3><a href=\"https:\/\/combactive.fr\/?cat=13\"><img loading=\"lazy\" decoding=\"async\" width=\"169\" height=\"300\" src=\"https:\/\/combactive.fr\/wp-content\/uploads\/2022\/04\/IMG-20220403-WA0001-169x300.jpg\" class=\"attachment-medium size-medium wp-post-image\" alt=\"\" srcset=\"https:\/\/combactive.fr\/wp-content\/uploads\/2022\/04\/IMG-20220403-WA0001-169x300.jpg 169w, https:\/\/combactive.fr\/wp-content\/uploads\/2022\/04\/IMG-20220403-WA0001-576x1024.jpg 576w, https:\/\/combactive.fr\/wp-content\/uploads\/2022\/04\/IMG-20220403-WA0001-768x1365.jpg 768w, https:\/\/combactive.fr\/wp-content\/uploads\/2022\/04\/IMG-20220403-WA0001-864x1536.jpg 864w, https:\/\/combactive.fr\/wp-content\/uploads\/2022\/04\/IMG-20220403-WA0001-45x80.jpg 45w, https:\/\/combactive.fr\/wp-content\/uploads\/2022\/04\/IMG-20220403-WA0001.jpg 1134w\" sizes=\"auto, (max-width: 169px) 100vw, 169px\" \/><\/a><\/div><div class=\"category-item\"><h3><a href=\"https:\/\/combactive.fr\/?cat=36\">recettes<\/a><\/h3><a href=\"https:\/\/combactive.fr\/?cat=36\"><img loading=\"lazy\" decoding=\"async\" width=\"232\" height=\"300\" src=\"https:\/\/combactive.fr\/wp-content\/uploads\/2022\/03\/bugne-232x300.jpg\" class=\"attachment-medium size-medium wp-post-image\" alt=\"\" srcset=\"https:\/\/combactive.fr\/wp-content\/uploads\/2022\/03\/bugne-232x300.jpg 232w, https:\/\/combactive.fr\/wp-content\/uploads\/2022\/03\/bugne-791x1024.jpg 791w, https:\/\/combactive.fr\/wp-content\/uploads\/2022\/03\/bugne-768x994.jpg 768w, https:\/\/combactive.fr\/wp-content\/uploads\/2022\/03\/bugne-1187x1536.jpg 1187w, https:\/\/combactive.fr\/wp-content\/uploads\/2022\/03\/bugne-1583x2048.jpg 1583w, https:\/\/combactive.fr\/wp-content\/uploads\/2022\/03\/bugne-62x80.jpg 62w, https:\/\/combactive.fr\/wp-content\/uploads\/2022\/03\/bugne-scaled.jpg 1978w\" sizes=\"auto, (max-width: 232px) 100vw, 232px\" \/><\/a><\/div><div class=\"category-item\"><h3><a href=\"https:\/\/combactive.fr\/?cat=19\">Salons et Foires<\/a><\/h3><a href=\"https:\/\/combactive.fr\/?cat=19\"><img loading=\"lazy\" decoding=\"async\" width=\"151\" height=\"151\" src=\"https:\/\/combactive.fr\/wp-content\/uploads\/2019\/03\/salonfav.png\" class=\"attachment-medium size-medium wp-post-image\" alt=\"\" srcset=\"https:\/\/combactive.fr\/wp-content\/uploads\/2019\/03\/salonfav.png 151w, https:\/\/combactive.fr\/wp-content\/uploads\/2019\/03\/salonfav-80x80.png 80w\" sizes=\"auto, (max-width: 151px) 100vw, 151px\" \/><\/a><\/div><div class=\"category-item\"><h3><a href=\"https:\/\/combactive.fr\/?cat=31\">sauvetage<\/a><\/h3><a href=\"https:\/\/combactive.fr\/?cat=31\"><img loading=\"lazy\" decoding=\"async\" width=\"300\" height=\"300\" src=\"https:\/\/combactive.fr\/wp-content\/uploads\/default-img-4-300x300.png\" class=\"attachment-medium size-medium wp-post-image default-featured-img\" alt=\"\" srcset=\"https:\/\/combactive.fr\/wp-content\/uploads\/default-img-4-300x300.png 300w, https:\/\/combactive.fr\/wp-content\/uploads\/default-img-4-80x80.png 80w, https:\/\/combactive.fr\/wp-content\/uploads\/default-img-4-768x768.png 768w, https:\/\/combactive.fr\/wp-content\/uploads\/default-img-4-400x400.png 400w, https:\/\/combactive.fr\/wp-content\/uploads\/default-img-4-150x150.png 150w, https:\/\/combactive.fr\/wp-content\/uploads\/default-img-4.png 780w\" sizes=\"auto, (max-width: 300px) 100vw, 300px\" \/><\/a><\/div><div class=\"category-item\"><h3><a href=\"https:\/\/combactive.fr\/?cat=49\">Subvention<\/a><\/h3><a href=\"https:\/\/combactive.fr\/?cat=49\"><img loading=\"lazy\" decoding=\"async\" width=\"300\" height=\"300\" src=\"https:\/\/combactive.fr\/wp-content\/uploads\/2022\/06\/Logo-vert-sur-fond-blanc-en-.jpg-300x300.jpg\" class=\"attachment-medium size-medium wp-post-image\" alt=\"\" srcset=\"https:\/\/combactive.fr\/wp-content\/uploads\/2022\/06\/Logo-vert-sur-fond-blanc-en-.jpg-300x300.jpg 300w, https:\/\/combactive.fr\/wp-content\/uploads\/2022\/06\/Logo-vert-sur-fond-blanc-en-.jpg-1024x1024.jpg 1024w, https:\/\/combactive.fr\/wp-content\/uploads\/2022\/06\/Logo-vert-sur-fond-blanc-en-.jpg-80x80.jpg 80w, https:\/\/combactive.fr\/wp-content\/uploads\/2022\/06\/Logo-vert-sur-fond-blanc-en-.jpg-768x768.jpg 768w, https:\/\/combactive.fr\/wp-content\/uploads\/2022\/06\/Logo-vert-sur-fond-blanc-en-.jpg.jpg 1200w\" sizes=\"auto, (max-width: 300px) 100vw, 300px\" \/><\/a><\/div><div class=\"category-item\"><h3><a href=\"https:\/\/combactive.fr\/?cat=32\">Veggid\u00e9o<\/a><\/h3><a href=\"https:\/\/combactive.fr\/?cat=32\"><img loading=\"lazy\" decoding=\"async\" width=\"225\" height=\"300\" src=\"https:\/\/combactive.fr\/wp-content\/uploads\/2018\/02\/20180122_120250-225x300.jpg\" class=\"attachment-medium size-medium wp-post-image\" alt=\"\" srcset=\"https:\/\/combactive.fr\/wp-content\/uploads\/2018\/02\/20180122_120250-225x300.jpg 225w, https:\/\/combactive.fr\/wp-content\/uploads\/2018\/02\/20180122_120250-768x1024.jpg 768w, https:\/\/combactive.fr\/wp-content\/uploads\/2018\/02\/20180122_120250-1152x1536.jpg 1152w, https:\/\/combactive.fr\/wp-content\/uploads\/2018\/02\/20180122_120250-1536x2048.jpg 1536w, https:\/\/combactive.fr\/wp-content\/uploads\/2018\/02\/20180122_120250-60x80.jpg 60w, https:\/\/combactive.fr\/wp-content\/uploads\/2018\/02\/20180122_120250-scaled.jpg 1920w\" sizes=\"auto, (max-width: 225px) 100vw, 225px\" \/><\/a><\/div><div class=\"category-item\"><h3><a href=\"https:\/\/combactive.fr\/?cat=18\">Veggie Pride<\/a><\/h3><a href=\"https:\/\/combactive.fr\/?cat=18\"><img loading=\"lazy\" decoding=\"async\" width=\"300\" height=\"178\" src=\"https:\/\/combactive.fr\/wp-content\/uploads\/2017\/09\/593083ed91-300x178.jpg\" class=\"attachment-medium size-medium wp-post-image\" alt=\"\" srcset=\"https:\/\/combactive.fr\/wp-content\/uploads\/2017\/09\/593083ed91-300x178.jpg 300w, https:\/\/combactive.fr\/wp-content\/uploads\/2017\/09\/593083ed91-80x47.jpg 80w, https:\/\/combactive.fr\/wp-content\/uploads\/2017\/09\/593083ed91.jpg 720w\" sizes=\"auto, (max-width: 300px) 100vw, 300px\" \/><\/a><\/div><\/div>\n<\/div>\n<\/div>\n<\/div>\n","protected":false},"excerpt":{"rendered":"<p>Les cat\u00e9gories Depuis&nbsp;2014, Combactive d\u00e9fend les droits fondamentaux des \u00eatres vivants.Chaque action, chaque voix, compte pour faire reculer la souffrance et avancer vers une cohabitation \u00e9thique.<\/p>\n","protected":false},"author":1,"featured_media":22204,"parent":0,"menu_order":0,"comment_status":"closed","ping_status":"closed","template":"","meta":{"_acf_changed":false,"footnotes":""},"class_list":["post-25576","page","type-page","status-publish","has-post-thumbnail","hentry"],"acf":[],"_links":{"self":[{"href":"https:\/\/combactive.fr\/index.php?rest_route=\/wp\/v2\/pages\/25576","targetHints":{"allow":["GET"]}}],"collection":[{"href":"https:\/\/combactive.fr\/index.php?rest_route=\/wp\/v2\/pages"}],"about":[{"href":"https:\/\/combactive.fr\/index.php?rest_route=\/wp\/v2\/types\/page"}],"author":[{"embeddable":true,"href":"https:\/\/combactive.fr\/index.php?rest_route=\/wp\/v2\/users\/1"}],"replies":[{"embeddable":true,"href":"https:\/\/combactive.fr\/index.php?rest_route=%2Fwp%2Fv2%2Fcomments&post=25576"}],"version-history":[{"count":20,"href":"https:\/\/combactive.fr\/index.php?rest_route=\/wp\/v2\/pages\/25576\/revisions"}],"predecessor-version":[{"id":25600,"href":"https:\/\/combactive.fr\/index.php?rest_route=\/wp\/v2\/pages\/25576\/revisions\/25600"}],"wp:featuredmedia":[{"embeddable":true,"href":"https:\/\/combactive.fr\/index.php?rest_route=\/wp\/v2\/media\/22204"}],"wp:attachment":[{"href":"https:\/\/combactive.fr\/index.php?rest_route=%2Fwp%2Fv2%2Fmedia&parent=25576"}],"curies":[{"name":"wp","href":"https:\/\/api.w.org\/{rel}","templated":true}]}}